{"id":1312,"date":"2017-02-26T20:11:03","date_gmt":"2017-02-26T19:11:03","guid":{"rendered":"http:\/\/www.senneby-by.se\/?page_id=1312"},"modified":"2019-03-01T15:01:11","modified_gmt":"2019-03-01T14:01:11","slug":"vykort-fran-roslagen","status":"publish","type":"page","link":"https:\/\/www.senneby-by.se\/?page_id=1312","title":{"rendered":"Vykort fr\u00e5n Roslagen"},"content":{"rendered":"\n<div class=\"wp-block-image\"><figure class=\"aligncenter\"><a href=\"http:\/\/www.senneby-by.se\/?attachment_id=1617\" rel=\"attachment wp-att-1617\"><img decoding=\"async\" loading=\"lazy\" width=\"1612\" height=\"1024\" src=\"http:\/\/www.senneby-by.se\/wp-content\/uploads\/2019\/01\/Brunn-\u00d6sthammar.jpg\" alt=\"Brunn \u00d6sthammar\" class=\"wp-image-1617\" srcset=\"https:\/\/www.senneby-by.se\/wp-content\/uploads\/2019\/01\/Brunn-\u00d6sthammar.jpg 1612w, https:\/\/www.senneby-by.se\/wp-content\/uploads\/2019\/01\/Brunn-\u00d6sthammar-300x191.jpg 300w, https:\/\/www.senneby-by.se\/wp-content\/uploads\/2019\/01\/Brunn-\u00d6sthammar-768x488.jpg 768w, https:\/\/www.senneby-by.se\/wp-content\/uploads\/2019\/01\/Brunn-\u00d6sthammar-1024x650.jpg 1024w, https:\/\/www.senneby-by.se\/wp-content\/uploads\/2019\/01\/Brunn-\u00d6sthammar-472x300.jpg 472w\" sizes=\"(max-width: 1612px) 100vw, 1612px\" \/><\/a><\/figure><\/div>\n\n\n\n<div class=\"wp-block-image\"><figure class=\"aligncenter\"><a href=\"http:\/\/www.senneby-by.se\/?attachment_id=1451\" rel=\"attachment wp-att-1451\"><img decoding=\"async\" loading=\"lazy\" width=\"1637\" height=\"1033\" src=\"http:\/\/www.senneby-by.se\/wp-content\/uploads\/2017\/09\/\u00d6sthammar_0001.jpg\" alt=\"\u00d6sthammar_0001\" class=\"wp-image-1451\" srcset=\"https:\/\/www.senneby-by.se\/wp-content\/uploads\/2017\/09\/\u00d6sthammar_0001.jpg 1637w, https:\/\/www.senneby-by.se\/wp-content\/uploads\/2017\/09\/\u00d6sthammar_0001-300x189.jpg 300w, https:\/\/www.senneby-by.se\/wp-content\/uploads\/2017\/09\/\u00d6sthammar_0001-768x485.jpg 768w, https:\/\/www.senneby-by.se\/wp-content\/uploads\/2017\/09\/\u00d6sthammar_0001-1024x646.jpg 1024w, https:\/\/www.senneby-by.se\/wp-content\/uploads\/2017\/09\/\u00d6sthammar_0001-475x300.jpg 475w\" sizes=\"(max-width: 1637px) 100vw, 1637px\" \/><\/a><\/figure><\/div>\n\n\n\n<div class=\"wp-block-image\"><figure class=\"aligncenter\"><a href=\"http:\/\/www.senneby-by.se\/?attachment_id=1450\" rel=\"attachment wp-att-1450\"><img decoding=\"async\" loading=\"lazy\" width=\"1620\" height=\"1060\" src=\"http:\/\/www.senneby-by.se\/wp-content\/uploads\/2017\/09\/\u00d6regrund_0002.jpg\" alt=\"\u00d6regrund_0002\" class=\"wp-image-1450\" srcset=\"https:\/\/www.senneby-by.se\/wp-content\/uploads\/2017\/09\/\u00d6regrund_0002.jpg 1620w, https:\/\/www.senneby-by.se\/wp-content\/uploads\/2017\/09\/\u00d6regrund_0002-300x196.jpg 300w, https:\/\/www.senneby-by.se\/wp-content\/uploads\/2017\/09\/\u00d6regrund_0002-768x503.jpg 768w, https:\/\/www.senneby-by.se\/wp-content\/uploads\/2017\/09\/\u00d6regrund_0002-1024x670.jpg 1024w, https:\/\/www.senneby-by.se\/wp-content\/uploads\/2017\/09\/\u00d6regrund_0002-458x300.jpg 458w\" sizes=\"(max-width: 1620px) 100vw, 1620px\" \/><\/a><\/figure><\/div>\n\n\n\n<div class=\"wp-block-image\"><figure class=\"aligncenter\"><a href=\"http:\/\/www.senneby-by.se\/?attachment_id=1429\" rel=\"attachment wp-att-1429\"><img decoding=\"async\" loading=\"lazy\" width=\"1594\" height=\"1029\" src=\"http:\/\/www.senneby-by.se\/wp-content\/uploads\/2017\/09\/Tr\u00e4sta_0003.jpg\" alt=\"Tr\u00e4sta_0003\" class=\"wp-image-1429\" srcset=\"https:\/\/www.senneby-by.se\/wp-content\/uploads\/2017\/09\/Tr\u00e4sta_0003.jpg 1594w, https:\/\/www.senneby-by.se\/wp-content\/uploads\/2017\/09\/Tr\u00e4sta_0003-300x194.jpg 300w, https:\/\/www.senneby-by.se\/wp-content\/uploads\/2017\/09\/Tr\u00e4sta_0003-768x496.jpg 768w, https:\/\/www.senneby-by.se\/wp-content\/uploads\/2017\/09\/Tr\u00e4sta_0003-1024x661.jpg 1024w, https:\/\/www.senneby-by.se\/wp-content\/uploads\/2017\/09\/Tr\u00e4sta_0003-465x300.jpg 465w\" sizes=\"(max-width: 1594px) 100vw, 1594px\" \/><\/a><\/figure><\/div>\n\n\n\n<div class=\"wp-block-image\"><figure class=\"aligncenter\"><a href=\"http:\/\/www.senneby-by.se\/?attachment_id=1468\" rel=\"attachment wp-att-1468\"><img decoding=\"async\" loading=\"lazy\" width=\"1596\" height=\"932\" src=\"http:\/\/www.senneby-by.se\/wp-content\/uploads\/2017\/10\/Hallsta.jpg\" alt=\"Hallsta\" class=\"wp-image-1468\" srcset=\"https:\/\/www.senneby-by.se\/wp-content\/uploads\/2017\/10\/Hallsta.jpg 1596w, https:\/\/www.senneby-by.se\/wp-content\/uploads\/2017\/10\/Hallsta-300x175.jpg 300w, https:\/\/www.senneby-by.se\/wp-content\/uploads\/2017\/10\/Hallsta-768x448.jpg 768w, https:\/\/www.senneby-by.se\/wp-content\/uploads\/2017\/10\/Hallsta-1024x598.jpg 1024w, https:\/\/www.senneby-by.se\/wp-content\/uploads\/2017\/10\/Hallsta-500x292.jpg 500w\" sizes=\"(max-width: 1596px) 100vw, 1596px\" \/><\/a><\/figure><\/div>\n\n\n\n<div class=\"wp-block-image\"><figure class=\"aligncenter\"><a href=\"http:\/\/www.senneby-by.se\/?attachment_id=1470\" rel=\"attachment wp-att-1470\"><img decoding=\"async\" loading=\"lazy\" width=\"1612\" height=\"1016\" src=\"http:\/\/www.senneby-by.se\/wp-content\/uploads\/2017\/10\/H\u00e4ver\u00f6sund.jpg\" alt=\"\" class=\"wp-image-1470\" srcset=\"https:\/\/www.senneby-by.se\/wp-content\/uploads\/2017\/10\/H\u00e4ver\u00f6sund.jpg 1612w, https:\/\/www.senneby-by.se\/wp-content\/uploads\/2017\/10\/H\u00e4ver\u00f6sund-300x189.jpg 300w, https:\/\/www.senneby-by.se\/wp-content\/uploads\/2017\/10\/H\u00e4ver\u00f6sund-768x484.jpg 768w, https:\/\/www.senneby-by.se\/wp-content\/uploads\/2017\/10\/H\u00e4ver\u00f6sund-1024x645.jpg 1024w, https:\/\/www.senneby-by.se\/wp-content\/uploads\/2017\/10\/H\u00e4ver\u00f6sund-476x300.jpg 476w\" sizes=\"(max-width: 1612px) 100vw, 1612px\" \/><\/a><figcaption>F\u00f6re detta H\u00e4ver\u00f6dal. Slutet av 1940-talet.L\u00e4ngst till v\u00e4nster, bio och IOGT. Mittenhuset, f.d. mejeri. L\u00e4ngst till h\u00f6ger aff\u00e4r.<\/figcaption><\/figure><\/div>\n\n\n\n<div class=\"wp-block-image\"><figure class=\"aligncenter\"><a href=\"http:\/\/www.senneby-by.se\/?attachment_id=1623\" rel=\"attachment wp-att-1623\"><img decoding=\"async\" loading=\"lazy\" width=\"1600\" height=\"1012\" src=\"http:\/\/www.senneby-by.se\/wp-content\/uploads\/2019\/01\/Konsumtionsf\u00f6rening_0002.jpg\" alt=\"Konsumtionsf\u00f6rening_0002\" class=\"wp-image-1623\" srcset=\"https:\/\/www.senneby-by.se\/wp-content\/uploads\/2019\/01\/Konsumtionsf\u00f6rening_0002.jpg 1600w, https:\/\/www.senneby-by.se\/wp-content\/uploads\/2019\/01\/Konsumtionsf\u00f6rening_0002-300x190.jpg 300w, https:\/\/www.senneby-by.se\/wp-content\/uploads\/2019\/01\/Konsumtionsf\u00f6rening_0002-768x486.jpg 768w, https:\/\/www.senneby-by.se\/wp-content\/uploads\/2019\/01\/Konsumtionsf\u00f6rening_0002-1024x648.jpg 1024w, https:\/\/www.senneby-by.se\/wp-content\/uploads\/2019\/01\/Konsumtionsf\u00f6rening_0002-474x300.jpg 474w\" sizes=\"(max-width: 1600px) 100vw, 1600px\" \/><\/a><\/figure><\/div>\n\n\n\n<div class=\"wp-block-image\"><figure class=\"aligncenter\"><a href=\"http:\/\/www.senneby-by.se\/?attachment_id=1620\" rel=\"attachment wp-att-1620\"><img decoding=\"async\" loading=\"lazy\" width=\"1623\" height=\"1046\" src=\"http:\/\/www.senneby-by.se\/wp-content\/uploads\/2019\/01\/H\u00e4ver\u00f6sund_0001.jpg\" alt=\"H\u00e4ver\u00f6sund_0001\" class=\"wp-image-1620\" srcset=\"https:\/\/www.senneby-by.se\/wp-content\/uploads\/2019\/01\/H\u00e4ver\u00f6sund_0001.jpg 1623w, https:\/\/www.senneby-by.se\/wp-content\/uploads\/2019\/01\/H\u00e4ver\u00f6sund_0001-300x193.jpg 300w, https:\/\/www.senneby-by.se\/wp-content\/uploads\/2019\/01\/H\u00e4ver\u00f6sund_0001-768x495.jpg 768w, https:\/\/www.senneby-by.se\/wp-content\/uploads\/2019\/01\/H\u00e4ver\u00f6sund_0001-1024x660.jpg 1024w, https:\/\/www.senneby-by.se\/wp-content\/uploads\/2019\/01\/H\u00e4ver\u00f6sund_0001-465x300.jpg 465w\" sizes=\"(max-width: 1623px) 100vw, 1623px\" \/><\/a><\/figure><\/div>\n\n\n\n<div class=\"wp-block-image\"><figure class=\"aligncenter\"><a href=\"http:\/\/www.senneby-by.se\/?attachment_id=1428\" rel=\"attachment wp-att-1428\"><img decoding=\"async\" loading=\"lazy\" width=\"1596\" height=\"788\" src=\"http:\/\/www.senneby-by.se\/wp-content\/uploads\/2017\/09\/H\u00e4ver\u00f6.jpg\" alt=\"Skickat 1922\" class=\"wp-image-1428\" srcset=\"https:\/\/www.senneby-by.se\/wp-content\/uploads\/2017\/09\/H\u00e4ver\u00f6.jpg 1596w, https:\/\/www.senneby-by.se\/wp-content\/uploads\/2017\/09\/H\u00e4ver\u00f6-300x148.jpg 300w, https:\/\/www.senneby-by.se\/wp-content\/uploads\/2017\/09\/H\u00e4ver\u00f6-768x379.jpg 768w, https:\/\/www.senneby-by.se\/wp-content\/uploads\/2017\/09\/H\u00e4ver\u00f6-1024x506.jpg 1024w, https:\/\/www.senneby-by.se\/wp-content\/uploads\/2017\/09\/H\u00e4ver\u00f6-500x247.jpg 500w\" sizes=\"(max-width: 1596px) 100vw, 1596px\" \/><\/a><figcaption>Skickat 1922<\/figcaption><\/figure><\/div>\n\n\n\n<figure class=\"wp-block-image\"><img decoding=\"async\" loading=\"lazy\" width=\"1024\" height=\"648\" src=\"http:\/\/www.senneby-by.se\/wp-content\/uploads\/2019\/01\/Konsumtionsf\u00f6rening_0002-1024x648.jpg\" alt=\"\" class=\"wp-image-1623\" srcset=\"https:\/\/www.senneby-by.se\/wp-content\/uploads\/2019\/01\/Konsumtionsf\u00f6rening_0002-1024x648.jpg 1024w, https:\/\/www.senneby-by.se\/wp-content\/uploads\/2019\/01\/Konsumtionsf\u00f6rening_0002-300x190.jpg 300w, https:\/\/www.senneby-by.se\/wp-content\/uploads\/2019\/01\/Konsumtionsf\u00f6rening_0002-768x486.jpg 768w, https:\/\/www.senneby-by.se\/wp-content\/uploads\/2019\/01\/Konsumtionsf\u00f6rening_0002-474x300.jpg 474w, https:\/\/www.senneby-by.se\/wp-content\/uploads\/2019\/01\/Konsumtionsf\u00f6rening_0002.jpg 1600w\" sizes=\"(max-width: 1024px) 100vw, 1024px\" \/><figcaption>Skickat 1919<\/figcaption><\/figure>\n\n\n\n<figure class=\"wp-block-image\"><img decoding=\"async\" loading=\"lazy\" width=\"1024\" height=\"708\" src=\"http:\/\/www.senneby-by.se\/wp-content\/uploads\/2019\/01\/J\u00e4rnv\u00e4gsstation_0002-1024x708.jpg\" alt=\"\" class=\"wp-image-1622\" srcset=\"https:\/\/www.senneby-by.se\/wp-content\/uploads\/2019\/01\/J\u00e4rnv\u00e4gsstation_0002-1024x708.jpg 1024w, https:\/\/www.senneby-by.se\/wp-content\/uploads\/2019\/01\/J\u00e4rnv\u00e4gsstation_0002-300x208.jpg 300w, https:\/\/www.senneby-by.se\/wp-content\/uploads\/2019\/01\/J\u00e4rnv\u00e4gsstation_0002-768x531.jpg 768w, https:\/\/www.senneby-by.se\/wp-content\/uploads\/2019\/01\/J\u00e4rnv\u00e4gsstation_0002-434x300.jpg 434w, https:\/\/www.senneby-by.se\/wp-content\/uploads\/2019\/01\/J\u00e4rnv\u00e4gsstation_0002.jpg 1609w\" sizes=\"(max-width: 1024px) 100vw, 1024px\" \/><figcaption>J\u00e4rnv\u00e4gsstation<\/figcaption><\/figure>\n\n\n\n<figure class=\"wp-block-image\"><img decoding=\"async\" loading=\"lazy\" width=\"1024\" height=\"657\" src=\"http:\/\/www.senneby-by.se\/wp-content\/uploads\/2019\/01\/Villa-samh\u00e4lle-1024x657.jpg\" alt=\"\" class=\"wp-image-1627\" srcset=\"https:\/\/www.senneby-by.se\/wp-content\/uploads\/2019\/01\/Villa-samh\u00e4lle-1024x657.jpg 1024w, https:\/\/www.senneby-by.se\/wp-content\/uploads\/2019\/01\/Villa-samh\u00e4lle-300x193.jpg 300w, https:\/\/www.senneby-by.se\/wp-content\/uploads\/2019\/01\/Villa-samh\u00e4lle-768x493.jpg 768w, https:\/\/www.senneby-by.se\/wp-content\/uploads\/2019\/01\/Villa-samh\u00e4lle-467x300.jpg 467w, https:\/\/www.senneby-by.se\/wp-content\/uploads\/2019\/01\/Villa-samh\u00e4lle.jpg 1676w\" sizes=\"(max-width: 1024px) 100vw, 1024px\" \/><figcaption>Skickat 1925<\/figcaption><\/figure>\n\n\n\n<figure class=\"wp-block-image\"><img decoding=\"async\" loading=\"lazy\" width=\"1024\" height=\"652\" src=\"http:\/\/www.senneby-by.se\/wp-content\/uploads\/2019\/01\/Sjukstugan_0004-1024x652.jpg\" alt=\"\" class=\"wp-image-1625\" srcset=\"https:\/\/www.senneby-by.se\/wp-content\/uploads\/2019\/01\/Sjukstugan_0004-1024x652.jpg 1024w, https:\/\/www.senneby-by.se\/wp-content\/uploads\/2019\/01\/Sjukstugan_0004-300x191.jpg 300w, https:\/\/www.senneby-by.se\/wp-content\/uploads\/2019\/01\/Sjukstugan_0004-768x489.jpg 768w, https:\/\/www.senneby-by.se\/wp-content\/uploads\/2019\/01\/Sjukstugan_0004-471x300.jpg 471w, https:\/\/www.senneby-by.se\/wp-content\/uploads\/2019\/01\/Sjukstugan_0004.jpg 1640w\" sizes=\"(max-width: 1024px) 100vw, 1024px\" \/><figcaption>Sjukstuga. Skickat 1931.<\/figcaption><\/figure>\n\n\n\n<figure class=\"wp-block-image\"><img decoding=\"async\" loading=\"lazy\" width=\"1024\" height=\"654\" src=\"http:\/\/www.senneby-by.se\/wp-content\/uploads\/2019\/01\/Bro-Hallstavik_0001-1024x654.jpg\" alt=\"\" class=\"wp-image-1615\" srcset=\"https:\/\/www.senneby-by.se\/wp-content\/uploads\/2019\/01\/Bro-Hallstavik_0001-1024x654.jpg 1024w, https:\/\/www.senneby-by.se\/wp-content\/uploads\/2019\/01\/Bro-Hallstavik_0001-300x192.jpg 300w, https:\/\/www.senneby-by.se\/wp-content\/uploads\/2019\/01\/Bro-Hallstavik_0001-768x490.jpg 768w, https:\/\/www.senneby-by.se\/wp-content\/uploads\/2019\/01\/Bro-Hallstavik_0001-470x300.jpg 470w, https:\/\/www.senneby-by.se\/wp-content\/uploads\/2019\/01\/Bro-Hallstavik_0001.jpg 1616w\" sizes=\"(max-width: 1024px) 100vw, 1024px\" \/><figcaption>Skickat 1937<\/figcaption><\/figure>\n\n\n\n<figure class=\"wp-block-image\"><img decoding=\"async\" loading=\"lazy\" width=\"1024\" height=\"657\" src=\"http:\/\/www.senneby-by.se\/wp-content\/uploads\/2019\/01\/Pappersfabrik-med-b\u00e5t_0001-1024x657.jpg\" alt=\"\" class=\"wp-image-1624\" srcset=\"https:\/\/www.senneby-by.se\/wp-content\/uploads\/2019\/01\/Pappersfabrik-med-b\u00e5t_0001-1024x657.jpg 1024w, https:\/\/www.senneby-by.se\/wp-content\/uploads\/2019\/01\/Pappersfabrik-med-b\u00e5t_0001-300x192.jpg 300w, https:\/\/www.senneby-by.se\/wp-content\/uploads\/2019\/01\/Pappersfabrik-med-b\u00e5t_0001-768x493.jpg 768w, https:\/\/www.senneby-by.se\/wp-content\/uploads\/2019\/01\/Pappersfabrik-med-b\u00e5t_0001-468x300.jpg 468w, https:\/\/www.senneby-by.se\/wp-content\/uploads\/2019\/01\/Pappersfabrik-med-b\u00e5t_0001.jpg 1628w\" sizes=\"(max-width: 1024px) 100vw, 1024px\" \/><\/figure>\n\n\n\n<figure class=\"wp-block-image\"><img decoding=\"async\" loading=\"lazy\" width=\"1024\" height=\"683\" src=\"http:\/\/www.senneby-by.se\/wp-content\/uploads\/2019\/01\/Skolan_0002-1024x683.jpg\" alt=\"\" class=\"wp-image-1626\" srcset=\"https:\/\/www.senneby-by.se\/wp-content\/uploads\/2019\/01\/Skolan_0002-1024x683.jpg 1024w, https:\/\/www.senneby-by.se\/wp-content\/uploads\/2019\/01\/Skolan_0002-300x200.jpg 300w, https:\/\/www.senneby-by.se\/wp-content\/uploads\/2019\/01\/Skolan_0002-768x512.jpg 768w, https:\/\/www.senneby-by.se\/wp-content\/uploads\/2019\/01\/Skolan_0002-450x300.jpg 450w, https:\/\/www.senneby-by.se\/wp-content\/uploads\/2019\/01\/Skolan_0002.jpg 1608w\" sizes=\"(max-width: 1024px) 100vw, 1024px\" \/><\/figure>\n\n\n\n<div class=\"wp-block-image\"><figure class=\"aligncenter\"><a href=\"http:\/\/www.senneby-by.se\/?attachment_id=1605\" rel=\"attachment wp-att-1605\"><img decoding=\"async\" loading=\"lazy\" width=\"1544\" height=\"1060\" src=\"http:\/\/www.senneby-by.se\/wp-content\/uploads\/2019\/01\/Hallstavik-Skolparken_0003.jpg\" alt=\"Hallstavik Skolparken_0003\" class=\"wp-image-1605\" srcset=\"https:\/\/www.senneby-by.se\/wp-content\/uploads\/2019\/01\/Hallstavik-Skolparken_0003.jpg 1544w, https:\/\/www.senneby-by.se\/wp-content\/uploads\/2019\/01\/Hallstavik-Skolparken_0003-300x206.jpg 300w, https:\/\/www.senneby-by.se\/wp-content\/uploads\/2019\/01\/Hallstavik-Skolparken_0003-768x527.jpg 768w, https:\/\/www.senneby-by.se\/wp-content\/uploads\/2019\/01\/Hallstavik-Skolparken_0003-1024x703.jpg 1024w, https:\/\/www.senneby-by.se\/wp-content\/uploads\/2019\/01\/Hallstavik-Skolparken_0003-437x300.jpg 437w\" sizes=\"(max-width: 1544px) 100vw, 1544px\" \/><\/a><\/figure><\/div>\n\n\n\n<div class=\"wp-block-image\"><figure class=\"aligncenter\"><a href=\"http:\/\/www.senneby-by.se\/?attachment_id=1479\" rel=\"attachment wp-att-1479\"><img decoding=\"async\" loading=\"lazy\" width=\"1640\" height=\"1044\" src=\"http:\/\/www.senneby-by.se\/wp-content\/uploads\/2017\/10\/Ortala-bruk.jpg\" alt=\"Ortala bruk\" class=\"wp-image-1479\" srcset=\"https:\/\/www.senneby-by.se\/wp-content\/uploads\/2017\/10\/Ortala-bruk.jpg 1640w, https:\/\/www.senneby-by.se\/wp-content\/uploads\/2017\/10\/Ortala-bruk-300x191.jpg 300w, https:\/\/www.senneby-by.se\/wp-content\/uploads\/2017\/10\/Ortala-bruk-768x489.jpg 768w, https:\/\/www.senneby-by.se\/wp-content\/uploads\/2017\/10\/Ortala-bruk-1024x652.jpg 1024w, https:\/\/www.senneby-by.se\/wp-content\/uploads\/2017\/10\/Ortala-bruk-471x300.jpg 471w\" sizes=\"(max-width: 1640px) 100vw, 1640px\" \/><\/a><\/figure><\/div>\n\n\n\n<div class=\"wp-block-image\"><figure class=\"aligncenter\"><a href=\"http:\/\/www.senneby-by.se\/?attachment_id=1437\" rel=\"attachment wp-att-1437\"><img decoding=\"async\" loading=\"lazy\" width=\"1636\" height=\"1064\" src=\"http:\/\/www.senneby-by.se\/wp-content\/uploads\/2017\/09\/Ortalaviken_0002.jpg\" alt=\"Ortalaviken_0002\" class=\"wp-image-1437\" srcset=\"https:\/\/www.senneby-by.se\/wp-content\/uploads\/2017\/09\/Ortalaviken_0002.jpg 1636w, https:\/\/www.senneby-by.se\/wp-content\/uploads\/2017\/09\/Ortalaviken_0002-300x195.jpg 300w, https:\/\/www.senneby-by.se\/wp-content\/uploads\/2017\/09\/Ortalaviken_0002-768x499.jpg 768w, https:\/\/www.senneby-by.se\/wp-content\/uploads\/2017\/09\/Ortalaviken_0002-1024x666.jpg 1024w, https:\/\/www.senneby-by.se\/wp-content\/uploads\/2017\/09\/Ortalaviken_0002-461x300.jpg 461w\" sizes=\"(max-width: 1636px) 100vw, 1636px\" \/><\/a><\/figure><\/div>\n\n\n\n<div class=\"wp-block-image\"><figure class=\"aligncenter\"><a href=\"http:\/\/www.senneby-by.se\/?attachment_id=1317\" rel=\"attachment wp-att-1317\"><img decoding=\"async\" loading=\"lazy\" width=\"1604\" height=\"1040\" src=\"http:\/\/www.senneby-by.se\/wp-content\/uploads\/2017\/02\/Pappersbruk_0003.jpg\" alt=\"Pappersbruk_0003\" class=\"wp-image-1317\" srcset=\"https:\/\/www.senneby-by.se\/wp-content\/uploads\/2017\/02\/Pappersbruk_0003.jpg 1604w, https:\/\/www.senneby-by.se\/wp-content\/uploads\/2017\/02\/Pappersbruk_0003-300x195.jpg 300w, https:\/\/www.senneby-by.se\/wp-content\/uploads\/2017\/02\/Pappersbruk_0003-768x498.jpg 768w, https:\/\/www.senneby-by.se\/wp-content\/uploads\/2017\/02\/Pappersbruk_0003-1024x664.jpg 1024w, https:\/\/www.senneby-by.se\/wp-content\/uploads\/2017\/02\/Pappersbruk_0003-463x300.jpg 463w\" sizes=\"(max-width: 1604px) 100vw, 1604px\" \/><\/a><figcaption>Hallsta pappersbruk. Fabriken b\u00f6rjade byggas 1912 och invigdes 1915. Kortet \u00e4r skrivet 1916.<\/figcaption><\/figure><\/div>\n\n\n\n<div class=\"wp-block-image\"><figure class=\"aligncenter\"><a href=\"http:\/\/www.senneby-by.se\/?attachment_id=1624\" rel=\"attachment wp-att-1624\"><img decoding=\"async\" loading=\"lazy\" width=\"1628\" height=\"1044\" src=\"http:\/\/www.senneby-by.se\/wp-content\/uploads\/2019\/01\/Pappersfabrik-med-b\u00e5t_0001.jpg\" alt=\"Pappersfabrik med b\u00e5t_0001\" class=\"wp-image-1624\" srcset=\"https:\/\/www.senneby-by.se\/wp-content\/uploads\/2019\/01\/Pappersfabrik-med-b\u00e5t_0001.jpg 1628w, https:\/\/www.senneby-by.se\/wp-content\/uploads\/2019\/01\/Pappersfabrik-med-b\u00e5t_0001-300x192.jpg 300w, https:\/\/www.senneby-by.se\/wp-content\/uploads\/2019\/01\/Pappersfabrik-med-b\u00e5t_0001-768x493.jpg 768w, https:\/\/www.senneby-by.se\/wp-content\/uploads\/2019\/01\/Pappersfabrik-med-b\u00e5t_0001-1024x657.jpg 1024w, https:\/\/www.senneby-by.se\/wp-content\/uploads\/2019\/01\/Pappersfabrik-med-b\u00e5t_0001-468x300.jpg 468w\" sizes=\"(max-width: 1628px) 100vw, 1628px\" \/><\/a><\/figure><\/div>\n\n\n\n<div class=\"wp-block-image\"><figure class=\"aligncenter\"><a href=\"http:\/\/www.senneby-by.se\/?attachment_id=1473\" rel=\"attachment wp-att-1473\"><img decoding=\"async\" loading=\"lazy\" width=\"1600\" height=\"1024\" src=\"http:\/\/www.senneby-by.se\/wp-content\/uploads\/2017\/10\/Lilla-torget.jpg\" alt=\"Skickat 1916 \" class=\"wp-image-1473\" srcset=\"https:\/\/www.senneby-by.se\/wp-content\/uploads\/2017\/10\/Lilla-torget.jpg 1600w, https:\/\/www.senneby-by.se\/wp-content\/uploads\/2017\/10\/Lilla-torget-300x192.jpg 300w, https:\/\/www.senneby-by.se\/wp-content\/uploads\/2017\/10\/Lilla-torget-768x492.jpg 768w, https:\/\/www.senneby-by.se\/wp-content\/uploads\/2017\/10\/Lilla-torget-1024x655.jpg 1024w, https:\/\/www.senneby-by.se\/wp-content\/uploads\/2017\/10\/Lilla-torget-469x300.jpg 469w\" sizes=\"(max-width: 1600px) 100vw, 1600px\" \/><\/a><figcaption>Skickat 1916<\/figcaption><\/figure><\/div>\n\n\n\n<div class=\"wp-block-image\"><figure class=\"aligncenter\"><a href=\"http:\/\/www.senneby-by.se\/?attachment_id=1489\" rel=\"attachment wp-att-1489\"><img decoding=\"async\" loading=\"lazy\" width=\"1096\" height=\"1628\" src=\"http:\/\/www.senneby-by.se\/wp-content\/uploads\/2017\/10\/\u00c5n-Norrt\u00e4lje.jpg\" alt=\"\u00c5n Norrt\u00e4lje\" class=\"wp-image-1489\" srcset=\"https:\/\/www.senneby-by.se\/wp-content\/uploads\/2017\/10\/\u00c5n-Norrt\u00e4lje.jpg 1096w, https:\/\/www.senneby-by.se\/wp-content\/uploads\/2017\/10\/\u00c5n-Norrt\u00e4lje-202x300.jpg 202w, https:\/\/www.senneby-by.se\/wp-content\/uploads\/2017\/10\/\u00c5n-Norrt\u00e4lje-768x1141.jpg 768w, https:\/\/www.senneby-by.se\/wp-content\/uploads\/2017\/10\/\u00c5n-Norrt\u00e4lje-689x1024.jpg 689w\" sizes=\"(max-width: 1096px) 100vw, 1096px\" \/><\/a><\/figure><\/div>\n\n\n\n<div class=\"wp-block-image\"><figure class=\"aligncenter\"><a href=\"http:\/\/www.senneby-by.se\/?attachment_id=1506\" rel=\"attachment wp-att-1506\"><img decoding=\"async\" loading=\"lazy\" width=\"1617\" height=\"1053\" src=\"http:\/\/www.senneby-by.se\/wp-content\/uploads\/2018\/02\/Norrt\u00e4lje-s\u00f6dar-hamnen_0004.jpg\" alt=\"Kortet skrivet 1919\" class=\"wp-image-1506\" srcset=\"https:\/\/www.senneby-by.se\/wp-content\/uploads\/2018\/02\/Norrt\u00e4lje-s\u00f6dar-hamnen_0004.jpg 1617w, https:\/\/www.senneby-by.se\/wp-content\/uploads\/2018\/02\/Norrt\u00e4lje-s\u00f6dar-hamnen_0004-300x195.jpg 300w, https:\/\/www.senneby-by.se\/wp-content\/uploads\/2018\/02\/Norrt\u00e4lje-s\u00f6dar-hamnen_0004-768x500.jpg 768w, https:\/\/www.senneby-by.se\/wp-content\/uploads\/2018\/02\/Norrt\u00e4lje-s\u00f6dar-hamnen_0004-1024x667.jpg 1024w, https:\/\/www.senneby-by.se\/wp-content\/uploads\/2018\/02\/Norrt\u00e4lje-s\u00f6dar-hamnen_0004-461x300.jpg 461w\" sizes=\"(max-width: 1617px) 100vw, 1617px\" \/><\/a><figcaption>Kortet skrivet 1919<\/figcaption><\/figure><\/div>\n\n\n\n<div class=\"wp-block-image\"><figure class=\"aligncenter\"><a href=\"http:\/\/www.senneby-by.se\/?attachment_id=1616\" rel=\"attachment wp-att-1616\"><img decoding=\"async\" loading=\"lazy\" width=\"1624\" height=\"1032\" src=\"http:\/\/www.senneby-by.se\/wp-content\/uploads\/2019\/01\/Bron-Norrt\u00e4lje_0001.jpg\" alt=\"Bron Norrt\u00e4lje_0001\" class=\"wp-image-1616\" srcset=\"https:\/\/www.senneby-by.se\/wp-content\/uploads\/2019\/01\/Bron-Norrt\u00e4lje_0001.jpg 1624w, https:\/\/www.senneby-by.se\/wp-content\/uploads\/2019\/01\/Bron-Norrt\u00e4lje_0001-300x191.jpg 300w, https:\/\/www.senneby-by.se\/wp-content\/uploads\/2019\/01\/Bron-Norrt\u00e4lje_0001-768x488.jpg 768w, https:\/\/www.senneby-by.se\/wp-content\/uploads\/2019\/01\/Bron-Norrt\u00e4lje_0001-1024x651.jpg 1024w, https:\/\/www.senneby-by.se\/wp-content\/uploads\/2019\/01\/Bron-Norrt\u00e4lje_0001-472x300.jpg 472w\" sizes=\"(max-width: 1624px) 100vw, 1624px\" \/><\/a><\/figure><\/div>\n\n\n\n<div class=\"wp-block-image\"><figure class=\"aligncenter\"><a href=\"http:\/\/www.senneby-by.se\/?attachment_id=1449\" rel=\"attachment wp-att-1449\"><img decoding=\"async\" loading=\"lazy\" width=\"1592\" height=\"1132\" src=\"http:\/\/www.senneby-by.se\/wp-content\/uploads\/2017\/09\/Norrt\u00e4lje.jpg\" alt=\"Norrt\u00e4lje\" class=\"wp-image-1449\" srcset=\"https:\/\/www.senneby-by.se\/wp-content\/uploads\/2017\/09\/Norrt\u00e4lje.jpg 1592w, https:\/\/www.senneby-by.se\/wp-content\/uploads\/2017\/09\/Norrt\u00e4lje-300x213.jpg 300w, https:\/\/www.senneby-by.se\/wp-content\/uploads\/2017\/09\/Norrt\u00e4lje-768x546.jpg 768w, https:\/\/www.senneby-by.se\/wp-content\/uploads\/2017\/09\/Norrt\u00e4lje-1024x728.jpg 1024w, https:\/\/www.senneby-by.se\/wp-content\/uploads\/2017\/09\/Norrt\u00e4lje-422x300.jpg 422w\" sizes=\"(max-width: 1592px) 100vw, 1592px\" \/><\/a><\/figure><\/div>\n\n\n\n<div class=\"wp-block-image\"><figure class=\"aligncenter\"><a href=\"http:\/\/www.senneby-by.se\/?attachment_id=1318\" rel=\"attachment wp-att-1318\"><img decoding=\"async\" loading=\"lazy\" width=\"1705\" height=\"1189\" src=\"http:\/\/www.senneby-by.se\/wp-content\/uploads\/2017\/02\/Norrt\u00e4lje-torget_0002.jpg\" alt=\"Norrt\u00e4lje torget_0002\" class=\"wp-image-1318\" srcset=\"https:\/\/www.senneby-by.se\/wp-content\/uploads\/2017\/02\/Norrt\u00e4lje-torget_0002.jpg 1705w, https:\/\/www.senneby-by.se\/wp-content\/uploads\/2017\/02\/Norrt\u00e4lje-torget_0002-300x209.jpg 300w, https:\/\/www.senneby-by.se\/wp-content\/uploads\/2017\/02\/Norrt\u00e4lje-torget_0002-768x536.jpg 768w, https:\/\/www.senneby-by.se\/wp-content\/uploads\/2017\/02\/Norrt\u00e4lje-torget_0002-1024x714.jpg 1024w, https:\/\/www.senneby-by.se\/wp-content\/uploads\/2017\/02\/Norrt\u00e4lje-torget_0002-430x300.jpg 430w\" sizes=\"(max-width: 1705px) 100vw, 1705px\" \/><\/a><\/figure><\/div>\n\n\n\n<div class=\"wp-block-image\"><figure class=\"aligncenter\"><a href=\"http:\/\/www.senneby-by.se\/?attachment_id=1319\" rel=\"attachment wp-att-1319\"><img decoding=\"async\" loading=\"lazy\" width=\"1620\" height=\"1052\" src=\"http:\/\/www.senneby-by.se\/wp-content\/uploads\/2017\/02\/Norrt\u00e4lje-j\u00e4rnv\u00e4g_0004.jpg\" alt=\"Norrt\u00e4lje j\u00e4rnv\u00e4g_0004\" class=\"wp-image-1319\" srcset=\"https:\/\/www.senneby-by.se\/wp-content\/uploads\/2017\/02\/Norrt\u00e4lje-j\u00e4rnv\u00e4g_0004.jpg 1620w, https:\/\/www.senneby-by.se\/wp-content\/uploads\/2017\/02\/Norrt\u00e4lje-j\u00e4rnv\u00e4g_0004-300x195.jpg 300w, https:\/\/www.senneby-by.se\/wp-content\/uploads\/2017\/02\/Norrt\u00e4lje-j\u00e4rnv\u00e4g_0004-768x499.jpg 768w, https:\/\/www.senneby-by.se\/wp-content\/uploads\/2017\/02\/Norrt\u00e4lje-j\u00e4rnv\u00e4g_0004-1024x665.jpg 1024w, https:\/\/www.senneby-by.se\/wp-content\/uploads\/2017\/02\/Norrt\u00e4lje-j\u00e4rnv\u00e4g_0004-462x300.jpg 462w\" sizes=\"(max-width: 1620px) 100vw, 1620px\" \/><\/a><figcaption>J\u00e4rnv\u00e4g till Norrt\u00e4lje fr\u00e5n 1884 till 1969. Roslagsbanan. Fr\u00e5n J\u00e4rnv\u00e4gsstationen gick bussar till Elmsta.<\/figcaption><\/figure><\/div>\n\n\n\n<div class=\"wp-block-image\"><figure class=\"aligncenter\"><a href=\"http:\/\/www.senneby-by.se\/?attachment_id=1320\" rel=\"attachment wp-att-1320\"><img decoding=\"async\" loading=\"lazy\" width=\"1825\" height=\"1249\" src=\"http:\/\/www.senneby-by.se\/wp-content\/uploads\/2017\/02\/Norrt\u00e4lje-flygplan_0001.jpg\" alt=\"Norrt\u00e4lje flygplan_0001\" class=\"wp-image-1320\" srcset=\"https:\/\/www.senneby-by.se\/wp-content\/uploads\/2017\/02\/Norrt\u00e4lje-flygplan_0001.jpg 1825w, https:\/\/www.senneby-by.se\/wp-content\/uploads\/2017\/02\/Norrt\u00e4lje-flygplan_0001-300x205.jpg 300w, https:\/\/www.senneby-by.se\/wp-content\/uploads\/2017\/02\/Norrt\u00e4lje-flygplan_0001-768x526.jpg 768w, https:\/\/www.senneby-by.se\/wp-content\/uploads\/2017\/02\/Norrt\u00e4lje-flygplan_0001-1024x701.jpg 1024w, https:\/\/www.senneby-by.se\/wp-content\/uploads\/2017\/02\/Norrt\u00e4lje-flygplan_0001-438x300.jpg 438w\" sizes=\"(max-width: 1825px) 100vw, 1825px\" \/><\/a><figcaption>Flygplanet var ett konditori &#8221;DC 3&#8221; fr\u00e5n 1949 till 1975 och stod i Socitetsparken i Norrt\u00e4lje. Idag \u00e4r det bostadsr\u00e4ttsradhus p\u00e5 platsen. Flygplanet st\u00e5r nu uppst\u00e4llt vid Handelsplatsen vid s\u00f6dra infarten.<\/figcaption><\/figure><\/div>\n\n\n\n<div class=\"wp-block-image\"><figure class=\"aligncenter\"><a href=\"http:\/\/www.senneby-by.se\/?attachment_id=1466\" rel=\"attachment wp-att-1466\"><img decoding=\"async\" loading=\"lazy\" width=\"1736\" height=\"1212\" src=\"http:\/\/www.senneby-by.se\/wp-content\/uploads\/2017\/10\/Flygkafe.jpg\" alt=\"Flygkafe\" class=\"wp-image-1466\" srcset=\"https:\/\/www.senneby-by.se\/wp-content\/uploads\/2017\/10\/Flygkafe.jpg 1736w, https:\/\/www.senneby-by.se\/wp-content\/uploads\/2017\/10\/Flygkafe-300x209.jpg 300w, https:\/\/www.senneby-by.se\/wp-content\/uploads\/2017\/10\/Flygkafe-768x536.jpg 768w, https:\/\/www.senneby-by.se\/wp-content\/uploads\/2017\/10\/Flygkafe-1024x715.jpg 1024w, https:\/\/www.senneby-by.se\/wp-content\/uploads\/2017\/10\/Flygkafe-430x300.jpg 430w\" sizes=\"(max-width: 1736px) 100vw, 1736px\" \/><\/a><\/figure><\/div>\n\n\n\n<div class=\"wp-block-image\"><figure class=\"aligncenter\"><a href=\"http:\/\/www.senneby-by.se\/?attachment_id=1327\" rel=\"attachment wp-att-1327\"><img decoding=\"async\" loading=\"lazy\" width=\"1752\" height=\"1248\" src=\"http:\/\/www.senneby-by.se\/wp-content\/uploads\/2017\/02\/Norrt\u00e4lje-badhus_0003.jpg\" alt=\"Norrt\u00e4lje badhus_0003\" class=\"wp-image-1327\" srcset=\"https:\/\/www.senneby-by.se\/wp-content\/uploads\/2017\/02\/Norrt\u00e4lje-badhus_0003.jpg 1752w, https:\/\/www.senneby-by.se\/wp-content\/uploads\/2017\/02\/Norrt\u00e4lje-badhus_0003-300x214.jpg 300w, https:\/\/www.senneby-by.se\/wp-content\/uploads\/2017\/02\/Norrt\u00e4lje-badhus_0003-768x547.jpg 768w, https:\/\/www.senneby-by.se\/wp-content\/uploads\/2017\/02\/Norrt\u00e4lje-badhus_0003-1024x729.jpg 1024w, https:\/\/www.senneby-by.se\/wp-content\/uploads\/2017\/02\/Norrt\u00e4lje-badhus_0003-421x300.jpg 421w\" sizes=\"(max-width: 1752px) 100vw, 1752px\" \/><\/a><figcaption>Badhuset i Norrt\u00e4lje i f\u00f6rgrunden<\/figcaption><\/figure><\/div>\n\n\n\n<div class=\"wp-block-image\"><figure class=\"aligncenter\"><a href=\"http:\/\/www.senneby-by.se\/?attachment_id=1389\" rel=\"attachment wp-att-1389\"><img decoding=\"async\" loading=\"lazy\" width=\"1625\" height=\"1124\" src=\"http:\/\/www.senneby-by.se\/wp-content\/uploads\/2017\/04\/Norrt\u00e4ljeb\u00e5t.jpg\" alt=\"Norrt\u00e4ljeb\u00e5t\" class=\"wp-image-1389\" srcset=\"https:\/\/www.senneby-by.se\/wp-content\/uploads\/2017\/04\/Norrt\u00e4ljeb\u00e5t.jpg 1625w, https:\/\/www.senneby-by.se\/wp-content\/uploads\/2017\/04\/Norrt\u00e4ljeb\u00e5t-300x208.jpg 300w, https:\/\/www.senneby-by.se\/wp-content\/uploads\/2017\/04\/Norrt\u00e4ljeb\u00e5t-768x531.jpg 768w, https:\/\/www.senneby-by.se\/wp-content\/uploads\/2017\/04\/Norrt\u00e4ljeb\u00e5t-1024x708.jpg 1024w, https:\/\/www.senneby-by.se\/wp-content\/uploads\/2017\/04\/Norrt\u00e4ljeb\u00e5t-434x300.jpg 434w\" sizes=\"(max-width: 1625px) 100vw, 1625px\" \/><\/a><\/figure><\/div>\n\n\n\n<div class=\"wp-block-image\"><figure class=\"aligncenter\"><a href=\"http:\/\/www.senneby-by.se\/?attachment_id=1455\" rel=\"attachment wp-att-1455\"><img decoding=\"async\" loading=\"lazy\" width=\"1724\" height=\"1216\" src=\"http:\/\/www.senneby-by.se\/wp-content\/uploads\/2017\/09\/Norrt\u00e4lje_0003.jpg\" alt=\"Norrt\u00e4lje_0003\" class=\"wp-image-1455\" srcset=\"https:\/\/www.senneby-by.se\/wp-content\/uploads\/2017\/09\/Norrt\u00e4lje_0003.jpg 1724w, https:\/\/www.senneby-by.se\/wp-content\/uploads\/2017\/09\/Norrt\u00e4lje_0003-300x212.jpg 300w, https:\/\/www.senneby-by.se\/wp-content\/uploads\/2017\/09\/Norrt\u00e4lje_0003-768x542.jpg 768w, https:\/\/www.senneby-by.se\/wp-content\/uploads\/2017\/09\/Norrt\u00e4lje_0003-1024x722.jpg 1024w, https:\/\/www.senneby-by.se\/wp-content\/uploads\/2017\/09\/Norrt\u00e4lje_0003-425x300.jpg 425w\" sizes=\"(max-width: 1724px) 100vw, 1724px\" \/><\/a><figcaption>Lantm\u00e4nnens silos som numera \u00e4r rivna f\u00f6r att ge plats \u00e5t bost\u00e4der i Norrt\u00e4lje hamn.<\/figcaption><\/figure><\/div>\n\n\n\n<figure class=\"wp-block-image\"><img decoding=\"async\" loading=\"lazy\" width=\"1024\" height=\"727\" src=\"http:\/\/www.senneby-by.se\/wp-content\/uploads\/2019\/02\/Norrt\u00e4lje-cisern_0001-1024x727.jpg\" alt=\"\" class=\"wp-image-1695\" srcset=\"https:\/\/www.senneby-by.se\/wp-content\/uploads\/2019\/02\/Norrt\u00e4lje-cisern_0001-1024x727.jpg 1024w, https:\/\/www.senneby-by.se\/wp-content\/uploads\/2019\/02\/Norrt\u00e4lje-cisern_0001-300x213.jpg 300w, https:\/\/www.senneby-by.se\/wp-content\/uploads\/2019\/02\/Norrt\u00e4lje-cisern_0001-768x545.jpg 768w, https:\/\/www.senneby-by.se\/wp-content\/uploads\/2019\/02\/Norrt\u00e4lje-cisern_0001-423x300.jpg 423w, https:\/\/www.senneby-by.se\/wp-content\/uploads\/2019\/02\/Norrt\u00e4lje-cisern_0001.jpg 1696w\" sizes=\"(max-width: 1024px) 100vw, 1024px\" \/><figcaption>Idag st\u00e5r h\u00f6ghus p\u00e5 kajen.<\/figcaption><\/figure>\n\n\n\n<div class=\"wp-block-image\"><figure class=\"aligncenter\"><a href=\"http:\/\/www.senneby-by.se\/?attachment_id=1456\" rel=\"attachment wp-att-1456\"><img decoding=\"async\" loading=\"lazy\" width=\"1733\" height=\"1249\" src=\"http:\/\/www.senneby-by.se\/wp-content\/uploads\/2017\/09\/\u00d6sthammar_0003.jpg\" alt=\"\u00d6sthammar_0003\" class=\"wp-image-1456\" srcset=\"https:\/\/www.senneby-by.se\/wp-content\/uploads\/2017\/09\/\u00d6sthammar_0003.jpg 1733w, https:\/\/www.senneby-by.se\/wp-content\/uploads\/2017\/09\/\u00d6sthammar_0003-300x216.jpg 300w, https:\/\/www.senneby-by.se\/wp-content\/uploads\/2017\/09\/\u00d6sthammar_0003-768x554.jpg 768w, https:\/\/www.senneby-by.se\/wp-content\/uploads\/2017\/09\/\u00d6sthammar_0003-1024x738.jpg 1024w, https:\/\/www.senneby-by.se\/wp-content\/uploads\/2017\/09\/\u00d6sthammar_0003-416x300.jpg 416w\" sizes=\"(max-width: 1733px) 100vw, 1733px\" \/><\/a><\/figure><\/div>\n\n\n\n<div class=\"wp-block-image\"><figure class=\"aligncenter\"><a href=\"http:\/\/www.senneby-by.se\/?attachment_id=1475\" rel=\"attachment wp-att-1475\"><img decoding=\"async\" loading=\"lazy\" width=\"1732\" height=\"1220\" src=\"http:\/\/www.senneby-by.se\/wp-content\/uploads\/2017\/10\/Norrt\u00e4lje-1_0001.jpg\" alt=\"Norrt\u00e4lje 1_0001\" class=\"wp-image-1475\" srcset=\"https:\/\/www.senneby-by.se\/wp-content\/uploads\/2017\/10\/Norrt\u00e4lje-1_0001.jpg 1732w, https:\/\/www.senneby-by.se\/wp-content\/uploads\/2017\/10\/Norrt\u00e4lje-1_0001-300x211.jpg 300w, https:\/\/www.senneby-by.se\/wp-content\/uploads\/2017\/10\/Norrt\u00e4lje-1_0001-768x541.jpg 768w, https:\/\/www.senneby-by.se\/wp-content\/uploads\/2017\/10\/Norrt\u00e4lje-1_0001-1024x721.jpg 1024w, https:\/\/www.senneby-by.se\/wp-content\/uploads\/2017\/10\/Norrt\u00e4lje-1_0001-426x300.jpg 426w\" sizes=\"(max-width: 1732px) 100vw, 1732px\" \/><\/a><\/figure><\/div>\n\n\n\n<div class=\"wp-block-image\"><figure class=\"aligncenter\"><a href=\"http:\/\/www.senneby-by.se\/?attachment_id=1476\" rel=\"attachment wp-att-1476\"><img decoding=\"async\" loading=\"lazy\" width=\"1736\" height=\"1232\" src=\"http:\/\/www.senneby-by.se\/wp-content\/uploads\/2017\/10\/Norrt\u00e4lje-2_0002.jpg\" alt=\"Norrt\u00e4lje 2_0002\" class=\"wp-image-1476\" srcset=\"https:\/\/www.senneby-by.se\/wp-content\/uploads\/2017\/10\/Norrt\u00e4lje-2_0002.jpg 1736w, https:\/\/www.senneby-by.se\/wp-content\/uploads\/2017\/10\/Norrt\u00e4lje-2_0002-300x213.jpg 300w, https:\/\/www.senneby-by.se\/wp-content\/uploads\/2017\/10\/Norrt\u00e4lje-2_0002-768x545.jpg 768w, https:\/\/www.senneby-by.se\/wp-content\/uploads\/2017\/10\/Norrt\u00e4lje-2_0002-1024x727.jpg 1024w, https:\/\/www.senneby-by.se\/wp-content\/uploads\/2017\/10\/Norrt\u00e4lje-2_0002-423x300.jpg 423w\" sizes=\"(max-width: 1736px) 100vw, 1736px\" \/><\/a><\/figure><\/div>\n\n\n\n<p><\/p>\n\n\n\n<figure class=\"wp-block-image\"><img decoding=\"async\" loading=\"lazy\" width=\"1024\" height=\"591\" src=\"http:\/\/www.senneby-by.se\/wp-content\/uploads\/2019\/02\/4-platser-roslagen_0002-1024x591.jpg\" alt=\"\" class=\"wp-image-1694\" srcset=\"https:\/\/www.senneby-by.se\/wp-content\/uploads\/2019\/02\/4-platser-roslagen_0002-1024x591.jpg 1024w, https:\/\/www.senneby-by.se\/wp-content\/uploads\/2019\/02\/4-platser-roslagen_0002-300x173.jpg 300w, https:\/\/www.senneby-by.se\/wp-content\/uploads\/2019\/02\/4-platser-roslagen_0002-768x443.jpg 768w, https:\/\/www.senneby-by.se\/wp-content\/uploads\/2019\/02\/4-platser-roslagen_0002-500x288.jpg 500w, https:\/\/www.senneby-by.se\/wp-content\/uploads\/2019\/02\/4-platser-roslagen_0002.jpg 1720w\" sizes=\"(max-width: 1024px) 100vw, 1024px\" \/><\/figure>\n","protected":false},"excerpt":{"rendered":"","protected":false},"author":1,"featured_media":0,"parent":64,"menu_order":3,"comment_status":"closed","ping_status":"closed","template":"","meta":[],"_links":{"self":[{"href":"https:\/\/www.senneby-by.se\/index.php?rest_route=\/wp\/v2\/pages\/1312"}],"collection":[{"href":"https:\/\/www.senneby-by.se\/index.php?rest_route=\/wp\/v2\/pages"}],"about":[{"href":"https:\/\/www.senneby-by.se\/index.php?rest_route=\/wp\/v2\/types\/page"}],"author":[{"embeddable":true,"href":"https:\/\/www.senneby-by.se\/index.php?rest_route=\/wp\/v2\/users\/1"}],"replies":[{"embeddable":true,"href":"https:\/\/www.senneby-by.se\/index.php?rest_route=%2Fwp%2Fv2%2Fcomments&post=1312"}],"version-history":[{"count":44,"href":"https:\/\/www.senneby-by.se\/index.php?rest_route=\/wp\/v2\/pages\/1312\/revisions"}],"predecessor-version":[{"id":1721,"href":"https:\/\/www.senneby-by.se\/index.php?rest_route=\/wp\/v2\/pages\/1312\/revisions\/1721"}],"up":[{"embeddable":true,"href":"https:\/\/www.senneby-by.se\/index.php?rest_route=\/wp\/v2\/pages\/64"}],"wp:attachment":[{"href":"https:\/\/www.senneby-by.se\/index.php?rest_route=%2Fwp%2Fv2%2Fmedia&parent=1312"}],"curies":[{"name":"wp","href":"https:\/\/api.w.org\/{rel}","templated":true}]}}